{"id":1342,"date":"2016-11-29T12:26:36","date_gmt":"2016-11-29T11:26:36","guid":{"rendered":"http:\/\/188.93.230.140\/~aeirmaos\/?page_id=1342"},"modified":"2022-03-08T13:13:08","modified_gmt":"2022-03-08T12:13:08","slug":"projeto-sou-capaz","status":"publish","type":"page","link":"https:\/\/www.aeirmaospassos.pt\/?page_id=1342","title":{"rendered":"Projeto \u201cSou Capaz\u201d"},"content":{"rendered":"<p><strong>PROJETO\u00a0SOU\u00a0CAPAZ<\/strong><\/p>\n<p>Em Maio de 2008 um novo espa\u00e7o foi criado na Escola EB 2.3 Passos Jos\u00e9, na freguesia de Guif\u00f5es,\u00a0 atual sede do Agrupamento de Escolas Irm\u00e3os Passos, vocacionado para crian\u00e7as com necessidades espec\u00edficas de aprendizagem,\u00a0o\u00a0Projecto \u201cVida Ativa\u201d. Um espa\u00e7o, \u201cuma esp\u00e9cie de casa\u201d, onde os alunos\u00a0 treinam atividades da vida di\u00e1ria, como passar a roupa a ferro, cozinhar, costurar, arrumar a cama e muito mais.<br \/>\nA\u00a0 \u201ccasa\u201d equipada com sala, cozinha, quarto e \u00e1rea de estudo funcionou durante v\u00e1rios anos\u00a0num pavilh\u00e3o cedido pela C\u00e2mara de Matosinhos, tendo o equipamento sido oferecido por uma empresa local (Col\u00e9gio Anjos do Saber).<br \/>\nO grande objetivo do projecto prendia -se com o \u201cdesenvolvimento de compet\u00eancias de autonomia\u201d por parte dos alunos portadores de defici\u00eancia entre os 11 e os 16 anos inicialmente e rapidamente foi alargado a todos os alunos para que pudessem\u00a0 gerir a sua vida de forma aut\u00f3noma. Sempre com as mesmas premissas o Projeto\u00a0 funcionou com muitas partilhas e conex\u00f5es.<\/p>\n<p>Alterado o nome do projeto para &#8220;SOU\u00a0CAPAZ&#8221;, resultante de tudo aquilo que \u00e9 vivenciado e sentido no Projeto, realmente SOMOS\u00a0CAPAZES\u00a0DE TUDO.<\/p>\n<p>Houve necessidade de ampliar o espa\u00e7o e, mais uma vez, uma empresa local, Mois\u00e9s &amp; Dias, colaborou com recursos humanos e materiais.<\/p>\n<p>Este espa\u00e7o continua a ser de integra\u00e7\u00e3o e transforma\u00e7\u00e3o do sentir a escola, sendo a aprendizagem onde o aluno experimenta, se descobre a si e aos outros em momentos de partilha.<\/p>\n<p>RESUMINDO:<\/p>\n<p>Este\u00a0 projeto est\u00e1 assente em quatro pilares importantes:<br \/>\nAPRENDER A SER<\/p>\n<p>APRENDER A \u00a0FAZER: Compreender-se, aceitar-se e usar as suas habilidades para crescer, realizar-se e buscar o seu bem estar.<br \/>\nCONHECER<\/p>\n<p>CONVIVER: Relacionar-se de forma harmoniosa e produtiva na escola e comunidade, desenvolvendo compet\u00eancias pr\u00e9-profissionais para empreender e contribuir para uma futura vida profissional.<\/p>\n<p>Este Projeto \u00e9 desenvolvido com comunica\u00e7\u00e3o positiva, onde se pretende criar um ambiente pivot\u00a0capaz\u00a0de inserir os alunos num \u201clugar\/espa\u00e7o comum\u201d de partilha de experi\u00eancias.<\/p>\n<p><strong>\u00a0\u00c9 important\u00edssimo real\u00e7ar que\u00a0 ao longo destes 11 anos este o Projeto continua sempre em a\u00e7\u00e3o\/ din\u00e2mica de colabora\u00e7\u00e3o fant\u00e1stica com os servi\u00e7os, entidades e pessoas da comunidade.\u00a0<\/strong><\/p>\n<p>A parceria, o interc\u00e2mbio, o relacionamento, a entrega de forma abnegada s\u00e3o vetores fortes deste Projeto, como por exemplo a oferta de alimentos, materiais diversos, transportes, etc.<\/p>\n<p>Algumas atividades desenvolvidas no \u00e2mbito do plano de a\u00e7\u00e3o da Comiss\u00e3o Social de Freguesia de Guif\u00f5es, constam de exposi\u00e7\u00f5es, palestras,\u00a0 workshops,\u00a0 como por exemplo a tem\u00e1tica \u201c Alimenta\u00e7\u00e3o saud\u00e1vel e combate ao desperd\u00edcio\u201d . Foram destinat\u00e1rias destas a\u00e7\u00f5es as fam\u00edlias que recebem apoio alimentar por parte desta autarquia, sendo os custos assegurados pelas entidades da CSF de Guif\u00f5es.<\/p>\n<p>Recebemos frequentemente a colabora\u00e7\u00e3o de pessoas de d\u00e3o do seu tempo para virem ao Projeto fazer Gastronomia \/ Sa\u00fade de outra maneira que marca t\u00e3o positivamente os nossos alunos,\u00a0 a dra. Leonor Carmo, dra. Madalena Coelho, entre tantas outras. A colabora\u00e7\u00e3o sistem\u00e1tica e estreita com a Associa\u00e7\u00e3o de Desenvolvimento de Guif\u00f5es \u00e9 mais uma digna de refer\u00eancia, sem ela as visitas ao exterior da escola n\u00e3o seriam poss\u00edveis; a partilha de receitas e de saberes s\u00e3o uma constante ao longo destes anos. Apenas\u00a0 mencionados estes exemplos para n\u00e3o tornar t\u00e3o exaustiva esta exposi\u00e7\u00e3o.<\/p>\n<p>Mui grata a todos por fazerem acontecer a FELICIDADE nos NOSSOS ALUNOS e COMUNIDADE:<\/p>\n<p>O que dizer mais? SOMOS UMA FAM\u00cdLIA\u00a0 que vive da partilha e\u00a0 da colabora\u00e7\u00e3o.<\/p>\n<p>A professora mentora e dinamizadora:<\/p>\n<p><em>Eur\u00eddice Silva\u00a0<\/em><\/p>\n<p class=\"p1\"><span class=\"s1\"><b>Hor\u00e1rio<\/b><\/span><\/p>\n<p class=\"p1\"><span class=\"s1\">5\u00aa feira \u2013 das 12h35 \u00e0s 13h25 e das 13h40 \u00e0s 14h30\u00a0<strong>(Guif\u00f5es)<\/strong><\/span><\/p>\n<p class=\"p1\">\n","protected":false},"excerpt":{"rendered":"<p>PROJETO\u00a0SOU\u00a0CAPAZ Em Maio de 2008 um novo espa\u00e7o foi criado na Escola EB 2.3 Passos Jos\u00e9, na freguesia de Guif\u00f5es,\u00a0 atual sede do Agrupamento de Escolas Irm\u00e3os Passos, vocacionado para crian\u00e7as com necessidades espec\u00edficas de aprendizagem,\u00a0o\u00a0Projecto \u201cVida Ativa\u201d. Um espa\u00e7o,&#8230;<\/p>\n","protected":false},"author":1,"featured_media":0,"parent":30,"menu_order":0,"comment_status":"closed","ping_status":"closed","template":"","meta":{"footnotes":""},"class_list":["post-1342","page","type-page","status-publish","hentry"],"_links":{"self":[{"href":"https:\/\/www.aeirmaospassos.pt\/index.php?rest_route=\/wp\/v2\/pages\/1342","targetHints":{"allow":["GET"]}}],"collection":[{"href":"https:\/\/www.aeirmaospassos.pt\/index.php?rest_route=\/wp\/v2\/pages"}],"about":[{"href":"https:\/\/www.aeirmaospassos.pt\/index.php?rest_route=\/wp\/v2\/types\/page"}],"author":[{"embeddable":true,"href":"https:\/\/www.aeirmaospassos.pt\/index.php?rest_route=\/wp\/v2\/users\/1"}],"replies":[{"embeddable":true,"href":"https:\/\/www.aeirmaospassos.pt\/index.php?rest_route=%2Fwp%2Fv2%2Fcomments&post=1342"}],"version-history":[{"count":2,"href":"https:\/\/www.aeirmaospassos.pt\/index.php?rest_route=\/wp\/v2\/pages\/1342\/revisions"}],"predecessor-version":[{"id":4847,"href":"https:\/\/www.aeirmaospassos.pt\/index.php?rest_route=\/wp\/v2\/pages\/1342\/revisions\/4847"}],"up":[{"embeddable":true,"href":"https:\/\/www.aeirmaospassos.pt\/index.php?rest_route=\/wp\/v2\/pages\/30"}],"wp:attachment":[{"href":"https:\/\/www.aeirmaospassos.pt\/index.php?rest_route=%2Fwp%2Fv2%2Fmedia&parent=1342"}],"curies":[{"name":"wp","href":"https:\/\/api.w.org\/{rel}","templated":true}]}}